{"id":1415,"date":"2021-12-15T11:26:32","date_gmt":"2021-12-15T10:26:32","guid":{"rendered":"https:\/\/club-nautique-pyreneen.fr\/?page_id=1415"},"modified":"2021-12-15T11:33:27","modified_gmt":"2021-12-15T10:33:27","slug":"hommage-a-thierry-beriou","status":"publish","type":"page","link":"https:\/\/club-nautique-pyreneen.fr\/index.php\/hommage-a-thierry-beriou\/","title":{"rendered":"Hommage \u00e0 Thierry BERIOU"},"content":{"rendered":"<div dir=\"ltr\"><img loading=\"lazy\" decoding=\"async\" class=\"aligncenter wp-image-1416\" src=\"https:\/\/club-nautique-pyreneen.fr\/wp-content\/uploads\/2021\/12\/Thierry-BERIOU-184x300.jpg\" alt=\"\" width=\"250\" height=\"397\" \/><\/div>\n<div dir=\"ltr\" style=\"text-align: center;\">Hommage \u00e0 Thierry BERIOU, d\u00e9c\u00e9d\u00e9 le 24 novembre<\/div>\n<div dir=\"ltr\"><\/div>\n<div dir=\"ltr\">\n<div dir=\"ltr\">\n<div>Thierry est arriv\u00e9 au club en 2014, se pr\u00e9sentant comme retrait\u00e9, install\u00e9 \u00e0 Th\u00e8ze, ayant pratiqu\u00e9 la voile, et cherchant un club pour naviguer et continuer \u00e0 faire un peu de comp\u00e9tition. Discret sur pass\u00e9 v\u00e9lique, il nous a juste l\u00e2ch\u00e9 qu\u2019il avait \u00e9t\u00e9 s\u00e9lectionn\u00e9 olympique en 1980, pour les jeux de Moscou, sans pouvoir y participer du fait de la d\u00e9cision de boycott par la f\u00e9d\u00e9ration fran\u00e7aise de voile, et membre du team Hobie Cat. A l\u2019\u00e9poque, notre modeste club \u00e9tait encore en pleine construction, et c\u2019\u00e9tait un honneur pour nous de l\u2019accueillir. Lors de quelques d\u00e9placements avec son Hobie 14, il a rapidement montr\u00e9 qu\u2019en tant que v\u00e9t\u00e9ran, il restait encore au meilleur niveau fran\u00e7ais.<\/div>\n<p>Il a rapidement int\u00e9gr\u00e9 le conseil d\u2019administration du club, et nous avons d\u00e9couvert une personnalit\u00e9\u00a0<span style=\"color: #000000;\">attachante<\/span>, d\u00e9vou\u00e9e, force de proposition, il nous a souvent aid\u00e9 \u00e0 prendre des d\u00e9cisions ou nous remettre en cause, avec sa qualit\u00e9 d\u2019avoir des avis biens arr\u00eat\u00e9s.<\/p>\n<p>Il a pris la responsabilit\u00e9 de l\u2019entretien du mat\u00e9riel, il tenait \u00e0 ce que les membres du club, notamment le jeunes, naviguent sur du mat\u00e9riel en bon \u00e9tat. Il n\u2019a pas compt\u00e9 les aller-retours entre Th\u00e8ze et Lac du Gabas, d\u00e8s qu\u2019une avarie survenait, il se faisait un point d\u2019honneur \u00e0 ce que le mat\u00e9riel puisse \u00eatre r\u00e9utilis\u00e9 le plus t\u00f4t possible.<\/p>\n<p>Il a tout fait pour que notre chef de base salari\u00e9 Antoine puisse travailler dans le meilleures conditions et veillait \u00e0 ce que tout soit op\u00e9rationnel, bateaux, mat\u00e9riel de s\u00e9curit\u00e9, informatique. Thierry est ainsi devenu un pilier du club, et il a \u00e9t\u00e9 un contributeur majeur dans le d\u00e9veloppement du CNP r\u00e9compens\u00e9 en 2020 par la d\u00e9signation Top club FFV .<\/p>\n<p>Il a marqu\u00e9 ces deux derni\u00e8res ann\u00e9es en devenant notre r\u00e9f\u00e9rent COVID, notre monsieur COVID comme nous l\u2019appelions, avec une mise en place exemplaire de l\u2019organisation, de la communication et des moyens pour le le club puisse fonctionner au mieux d\u00e8s que cela fut de nouveau possible.<\/p>\n<p>Il a \u00e9galement voulu relancer la pratique comp\u00e9titive en organisant les r\u00e9gates club mensuelles et en \u00e9tant notre arbitre de club. R\u00e9guli\u00e8rement, il nous annon\u00e7ait avec un visage jubilatoire\u00a0: \u00ab\u00a0vous avez vu aujourd\u2019hui, 27 bateaux sur l\u2019eau\u00a0!\u00a0\u00bb. C&rsquo;\u00e9tait sa r\u00e9compense.<\/p>\n<p>Il \u00e9tait l\u00e0 quasiment toutes les s\u00e9ances du samedi pour accueillir, aider, et a su se faire appr\u00e9cier de tous les adh\u00e9rents. Alors qu\u2019il avait dit ne pas vouloir encadrer, il a r\u00e9cemment pris sous son aile les jeunes du club qui partaient au championnat de France Hansa avec des s\u00e9ances de cours de tactique et de situation en course (&#8230; un \u00e9quipage a termin\u00e9 4\u00e8me).<\/p>\n<p>Il \u00e9tait vraiment appr\u00e9ci\u00e9 de tous (\u2026 m\u00eame quand il r\u00e2lait). Nous perdons un ami. Le nombre de messages arriv\u00e9s en r\u00e9ponse \u00e0 l\u2019annonce de son d\u00e9c\u00e8s t\u00e9moigne de la reconnaissance et de l\u2019affection de tous envers lui, y compris des jeunes et de leurs parents. Pour les plus proches, c\u2019est un vrai choc.<\/p>\n<p>Thierry, tu nous as quitt\u00e9 trop t\u00f4t, tu vas nous manquer. Nous allons essayer de faire au mieux pour faire vivre ce club auquel tu \u00e9tait si attach\u00e9, en conservant cet esprit dont tu nous as maintes fois dit qu\u2019il \u00e9tait une richesse exceptionnelle par rapport \u00e0 tout ce que tu avais connu dans le monde de la voile.<\/p>\n<\/div>\n<div class=\"yj6qo\"><\/div>\n<div class=\"adL\"><\/div>\n<\/div>\n","protected":false},"excerpt":{"rendered":"<p>Hommage \u00e0 Thierry BERIOU, d\u00e9c\u00e9d\u00e9 le 24 novembre Thierry est arriv\u00e9 au club en 2014, se pr\u00e9sentant comme retrait\u00e9, install\u00e9 \u00e0 Th\u00e8ze, ayant pratiqu\u00e9 la voile, et cherchant un club <a class=\"more-link\" href=\"https:\/\/club-nautique-pyreneen.fr\/index.php\/hommage-a-thierry-beriou\/\">Continue Reading &rarr;<\/a><\/p>\n","protected":false},"author":7,"featured_media":0,"parent":0,"menu_order":0,"comment_status":"closed","ping_status":"closed","template":"","meta":{"footnotes":""},"class_list":["post-1415","page","type-page","status-publish","hentry"],"_links":{"self":[{"href":"https:\/\/club-nautique-pyreneen.fr\/index.php\/wp-json\/wp\/v2\/pages\/1415","targetHints":{"allow":["GET"]}}],"collection":[{"href":"https:\/\/club-nautique-pyreneen.fr\/index.php\/wp-json\/wp\/v2\/pages"}],"about":[{"href":"https:\/\/club-nautique-pyreneen.fr\/index.php\/wp-json\/wp\/v2\/types\/page"}],"author":[{"embeddable":true,"href":"https:\/\/club-nautique-pyreneen.fr\/index.php\/wp-json\/wp\/v2\/users\/7"}],"replies":[{"embeddable":true,"href":"https:\/\/club-nautique-pyreneen.fr\/index.php\/wp-json\/wp\/v2\/comments?post=1415"}],"version-history":[{"count":1,"href":"https:\/\/club-nautique-pyreneen.fr\/index.php\/wp-json\/wp\/v2\/pages\/1415\/revisions"}],"predecessor-version":[{"id":1417,"href":"https:\/\/club-nautique-pyreneen.fr\/index.php\/wp-json\/wp\/v2\/pages\/1415\/revisions\/1417"}],"wp:attachment":[{"href":"https:\/\/club-nautique-pyreneen.fr\/index.php\/wp-json\/wp\/v2\/media?parent=1415"}],"curies":[{"name":"wp","href":"https:\/\/api.w.org\/{rel}","templated":true}]}}